{"id":34,"date":"2010-10-30T08:43:03","date_gmt":"2010-10-30T06:43:03","guid":{"rendered":"https:\/\/www.clemensfrede.com\/?page_id=34"},"modified":"2023-10-18T12:20:49","modified_gmt":"2023-10-18T10:20:49","slug":"yoga","status":"publish","type":"page","link":"https:\/\/www.clemensfrede.com\/de\/yoga","title":{"rendered":"Yoga"},"content":{"rendered":"<p><img loading=\"lazy\" decoding=\"async\" data-attachment-id=\"4229\" data-permalink=\"https:\/\/www.clemensfrede.com\/de\/psychology\/18057831_1446804518674514_4385909209774204098_n\" data-orig-file=\"https:\/\/www.clemensfrede.com\/wp-content\/uploads\/2017\/04\/18057831_1446804518674514_4385909209774204098_n.jpg\" data-orig-size=\"690,690\" data-comments-opened=\"0\" data-image-meta=\"{&quot;aperture&quot;:&quot;0&quot;,&quot;credit&quot;:&quot;&quot;,&quot;camera&quot;:&quot;&quot;,&quot;caption&quot;:&quot;&quot;,&quot;created_timestamp&quot;:&quot;0&quot;,&quot;copyright&quot;:&quot;&quot;,&quot;focal_length&quot;:&quot;0&quot;,&quot;iso&quot;:&quot;0&quot;,&quot;shutter_speed&quot;:&quot;0&quot;,&quot;title&quot;:&quot;&quot;,&quot;orientation&quot;:&quot;0&quot;}\" data-image-title=\"clemens-frede\" data-image-description=\"\" data-image-caption=\"\" data-medium-file=\"https:\/\/www.clemensfrede.com\/wp-content\/uploads\/2017\/04\/18057831_1446804518674514_4385909209774204098_n-300x300.jpg\" data-large-file=\"https:\/\/www.clemensfrede.com\/wp-content\/uploads\/2017\/04\/18057831_1446804518674514_4385909209774204098_n.jpg\" class=\" wp-image-4229 alignleft\" src=\"https:\/\/www.clemensfrede.com\/wp-content\/uploads\/2017\/04\/18057831_1446804518674514_4385909209774204098_n-300x300.jpg\" alt=\"\" width=\"235\" height=\"235\" srcset=\"https:\/\/www.clemensfrede.com\/wp-content\/uploads\/2017\/04\/18057831_1446804518674514_4385909209774204098_n-300x300.jpg 300w, https:\/\/www.clemensfrede.com\/wp-content\/uploads\/2017\/04\/18057831_1446804518674514_4385909209774204098_n-150x150.jpg 150w, https:\/\/www.clemensfrede.com\/wp-content\/uploads\/2017\/04\/18057831_1446804518674514_4385909209774204098_n.jpg 690w\" sizes=\"auto, (max-width: 235px) 100vw, 235px\" \/>Im\u00a0Yoga sind wir alle gleich. Egal, ob jemand besonders beweglich oder unbeweglich ist \u2013 wenn wir uns in den ersten Nach-Unten-Schauenden-Hund begeben, fangen wir alle an der gleichen Stelle an und k\u00f6nnen alle etwas Neues entdecken.<\/p>\n<p>Ich bin registrierter Yoga Lehrer (E-RYT-200\/RYT-500) und unterrichte <a href=\"https:\/\/www.clemensfrede.com\/workshops\">Workshops<\/a> und <a href=\"https:\/\/www.clemensfrede.com\/workshops\">Kurse<\/a>.<\/p>\n<p>Yoga ist f\u00fcr mich die Lehre, das Leben zu verstehen und Gleichmut zu finden. In meinen Yoga-Stunden stehen sowohl die\u00a0Sch\u00fcler und die Erfahrung im Mittelpunkt, als auch Yoga als greifbare Philosophie zu vermitteln. Gerade bei Anf\u00e4ngern achte ich auf ein gutes Fundament und eine gesunde Ausrichtung, damit meine Sch\u00fcler \u00fcber sich hinaus wachsen k\u00f6nnen. Wer aus meinen Stunden kommt, soll sich befreit, ausgeglichen und gl\u00fccklich f\u00fchlen \u2013 bereit f\u00fcr einen modernen Alltag.<\/p>\n<h2>Yoga Klassen:<\/h2>\n<p>Aktuell biete ich nur vereinzelt Klassen und einen Mobility Kurs bei <a href=\"https:\/\/dbox-crossfit.de\">DBox Crossfit<\/a> in Bonn an. F\u00fcr mehr Informationen gerne auf Instragram (<a href=\"http:\/\/www.intagram.com\/clemens.frede\">@clemens.frede<\/a>) folgen.<\/p>\n<h2>Wie ich Yoga unterrichte<\/h2>\n<p>Ein wesentlicher Teil meiner eigenen Praxis und meines Unterrichts ist gepr\u00e4gt von der Psychologie des Yoga mit wesentlichen Einfl\u00fcssen aus der <a href=\"https:\/\/www.clemensfrede.com\/psychology\"><em>Performance Psychologie<\/em><\/a>. Dabei geht es weniger um Leistung im Sinne von &#8218;h\u00f6her, schneller, weiter&#8216;, sondern viel mehr darum die eigene Mitte zu finden, die Balance aus innerer Wahrnehmung und \u00e4u\u00dferer Form.<\/p>\n<p><img loading=\"lazy\" decoding=\"async\" data-attachment-id=\"4326\" data-permalink=\"https:\/\/www.clemensfrede.com\/de\/yoga\/workshops\/dsc01072\" data-orig-file=\"https:\/\/www.clemensfrede.com\/wp-content\/uploads\/2010\/10\/DSC01072.jpg\" data-orig-size=\"1900,1075\" data-comments-opened=\"0\" data-image-meta=\"{&quot;aperture&quot;:&quot;6.3&quot;,&quot;credit&quot;:&quot;&quot;,&quot;camera&quot;:&quot;ILCE-6300&quot;,&quot;caption&quot;:&quot;&quot;,&quot;created_timestamp&quot;:&quot;1497096730&quot;,&quot;copyright&quot;:&quot;&quot;,&quot;focal_length&quot;:&quot;16&quot;,&quot;iso&quot;:&quot;100&quot;,&quot;shutter_speed&quot;:&quot;0.005&quot;,&quot;title&quot;:&quot;&quot;,&quot;orientation&quot;:&quot;1&quot;}\" data-image-title=\"Clemens Frede\" data-image-description=\"\" data-image-caption=\"\" data-medium-file=\"https:\/\/www.clemensfrede.com\/wp-content\/uploads\/2010\/10\/DSC01072-300x170.jpg\" data-large-file=\"https:\/\/www.clemensfrede.com\/wp-content\/uploads\/2010\/10\/DSC01072-1024x579.jpg\" class=\"aligncenter wp-image-4326 \" src=\"https:\/\/www.clemensfrede.com\/wp-content\/uploads\/2010\/10\/DSC01072-1024x579.jpg\" alt=\"\" width=\"520\" height=\"294\" srcset=\"https:\/\/www.clemensfrede.com\/wp-content\/uploads\/2010\/10\/DSC01072-1024x579.jpg 1024w, https:\/\/www.clemensfrede.com\/wp-content\/uploads\/2010\/10\/DSC01072-300x170.jpg 300w, https:\/\/www.clemensfrede.com\/wp-content\/uploads\/2010\/10\/DSC01072-768x435.jpg 768w, https:\/\/www.clemensfrede.com\/wp-content\/uploads\/2010\/10\/DSC01072-1440x815.jpg 1440w, https:\/\/www.clemensfrede.com\/wp-content\/uploads\/2010\/10\/DSC01072.jpg 1900w\" sizes=\"auto, (max-width: 520px) 100vw, 520px\" \/>Mein Unterricht basiert wesentlich auf der Methodik des Anusara Yoga. Diese Methode, halte ich f\u00fcr die optimale Grundlage einer jeden\u00a0Yoga-Praxis. Die universellen Ausrichtungsprinzipien helfen, den K\u00f6rper zu verstehen, gesund auszurichten und eine\u00a0Sensibilit\u00e4t f\u00fcr den K\u00f6rper zu entwickeln. Zusammen mit einer lebensbejahenden Einstellung hilft Anusara Yoga eine nachhaltige, gesunde Yoga Praxis aufzubauen.<\/p>\n<p>Dar\u00fcber hinaus integriere ich Methoden des <a href=\"https:\/\/www.embodiedflow.com\/student-experience\">Embodied Flow\u2122<\/a>\u00a0 und des Embodiment in meinen Unterricht. Embodied Flow hilft, eine feinf\u00fchlige Achtsamkeit\u00a0zu entwickeln, sowie\u00a0K\u00f6rper und Geist zu integrieren. Die Wahrnehmung\u00a0des K\u00f6rpers in Embodied Flow\u2122 erm\u00f6glicht eine klarere Erfahrung des Selbst. Die Praxis bildet eine Br\u00fccke aus physischer Bewegung und Meditation.<\/p>\n<h2><strong>Meine eigene Ausbildung:<\/strong><\/h2>\n<p><img loading=\"lazy\" decoding=\"async\" data-attachment-id=\"4328\" data-permalink=\"https:\/\/www.clemensfrede.com\/de\/yoga\/workshops\/clemens-yoga-psychologie\" data-orig-file=\"https:\/\/www.clemensfrede.com\/wp-content\/uploads\/2010\/10\/clemens-yoga-psychologie.jpg\" data-orig-size=\"600,600\" data-comments-opened=\"0\" data-image-meta=\"{&quot;aperture&quot;:&quot;3.5&quot;,&quot;credit&quot;:&quot;&quot;,&quot;camera&quot;:&quot;ILCE-6300&quot;,&quot;caption&quot;:&quot;&quot;,&quot;created_timestamp&quot;:&quot;1497101403&quot;,&quot;copyright&quot;:&quot;&quot;,&quot;focal_length&quot;:&quot;16&quot;,&quot;iso&quot;:&quot;6400&quot;,&quot;shutter_speed&quot;:&quot;0.016666666666667&quot;,&quot;title&quot;:&quot;&quot;,&quot;orientation&quot;:&quot;1&quot;}\" data-image-title=\"clemens-yoga-psychologie\" data-image-description=\"\" data-image-caption=\"\" data-medium-file=\"https:\/\/www.clemensfrede.com\/wp-content\/uploads\/2010\/10\/clemens-yoga-psychologie-300x300.jpg\" data-large-file=\"https:\/\/www.clemensfrede.com\/wp-content\/uploads\/2010\/10\/clemens-yoga-psychologie.jpg\" class=\"alignright size-medium wp-image-4328\" src=\"https:\/\/www.clemensfrede.com\/wp-content\/uploads\/2010\/10\/clemens-yoga-psychologie-300x300.jpg\" alt=\"\" width=\"300\" height=\"300\" srcset=\"https:\/\/www.clemensfrede.com\/wp-content\/uploads\/2010\/10\/clemens-yoga-psychologie-300x300.jpg 300w, https:\/\/www.clemensfrede.com\/wp-content\/uploads\/2010\/10\/clemens-yoga-psychologie-150x150.jpg 150w, https:\/\/www.clemensfrede.com\/wp-content\/uploads\/2010\/10\/clemens-yoga-psychologie.jpg 600w\" sizes=\"auto, (max-width: 300px) 100vw, 300px\" \/>2009 \u00a0Ausbildung YA 200 bei Airyoga M\u00fcnchen<br \/>\n2010 \u00a0Ausbildung YA 200 Anusara Yoga bei Jordan Bloom, Katchie Ananda, Desiree Rumbaugh und Cityyoga Berlin<br \/>\n2011 \u00a0 Assistenz bei Tara Judelle &#8211; Zertifizierung zum Anusara Inspired Yoga Teacher \u2122<br \/>\n2014 \u00a0100h Advanced Teacher Training bei Tara Judelle<br \/>\n2015 200h Advanced Teacher Training bei <a href=\"https:\/\/www.tarajudelle.com\">Tara Judelle<\/a> und Scott Lyons<br \/>\n2015 RYT 500<br \/>\n2014-2016 Master of Arts in Performance Psychology (National University)<br \/>\n2017 Stressmanagement-Trainer<br \/>\n2017 Trainer Progressive Muskelentspannung (PME)<br \/>\n(Zertifizierung: Deutscher Standard Pr\u00e4vention)<\/p>\n<p>+ zahlreiche Workshops bei international renommierten Lehrern<\/p>\n<p>&nbsp;<\/p>\n<p><img loading=\"lazy\" decoding=\"async\" data-attachment-id=\"2899\" data-permalink=\"https:\/\/www.clemensfrede.com\/de\/yoga\/e-ryt200\" data-orig-file=\"https:\/\/www.clemensfrede.com\/wp-content\/uploads\/2010\/10\/E-RYT200.png\" data-orig-size=\"100,100\" data-comments-opened=\"0\" data-image-meta=\"{&quot;aperture&quot;:&quot;0&quot;,&quot;credit&quot;:&quot;&quot;,&quot;camera&quot;:&quot;&quot;,&quot;caption&quot;:&quot;&quot;,&quot;created_timestamp&quot;:&quot;0&quot;,&quot;copyright&quot;:&quot;&quot;,&quot;focal_length&quot;:&quot;0&quot;,&quot;iso&quot;:&quot;0&quot;,&quot;shutter_speed&quot;:&quot;0&quot;,&quot;title&quot;:&quot;&quot;,&quot;orientation&quot;:&quot;0&quot;}\" data-image-title=\"E-RYT200\" data-image-description=\"\" data-image-caption=\"\" data-medium-file=\"https:\/\/www.clemensfrede.com\/wp-content\/uploads\/2010\/10\/E-RYT200.png\" data-large-file=\"https:\/\/www.clemensfrede.com\/wp-content\/uploads\/2010\/10\/E-RYT200.png\" class=\"size-full wp-image-2899 aligncenter\" src=\"https:\/\/www.clemensfrede.com\/wp-content\/uploads\/2010\/10\/E-RYT200.png\" alt=\"E-RYT200\" width=\"100\" height=\"100\" \/>\u00a0\u00a0\u00a0\u00a0\u00a0<img loading=\"lazy\" decoding=\"async\" data-attachment-id=\"2897\" data-permalink=\"https:\/\/www.clemensfrede.com\/de\/yoga\/ryt500\" data-orig-file=\"https:\/\/www.clemensfrede.com\/wp-content\/uploads\/2010\/10\/RYT500.png\" data-orig-size=\"100,100\" data-comments-opened=\"0\" data-image-meta=\"{&quot;aperture&quot;:&quot;0&quot;,&quot;credit&quot;:&quot;&quot;,&quot;camera&quot;:&quot;&quot;,&quot;caption&quot;:&quot;&quot;,&quot;created_timestamp&quot;:&quot;0&quot;,&quot;copyright&quot;:&quot;&quot;,&quot;focal_length&quot;:&quot;0&quot;,&quot;iso&quot;:&quot;0&quot;,&quot;shutter_speed&quot;:&quot;0&quot;,&quot;title&quot;:&quot;&quot;,&quot;orientation&quot;:&quot;0&quot;}\" data-image-title=\"RYT500\" data-image-description=\"&lt;p&gt;Registered Yoga Teacher 500, Yoga Alliance&lt;\/p&gt;\n\" data-image-caption=\"\" data-medium-file=\"https:\/\/www.clemensfrede.com\/wp-content\/uploads\/2010\/10\/RYT500.png\" data-large-file=\"https:\/\/www.clemensfrede.com\/wp-content\/uploads\/2010\/10\/RYT500.png\" class=\"size-full wp-image-2897 aligncenter\" src=\"https:\/\/www.clemensfrede.com\/wp-content\/uploads\/2010\/10\/RYT500.png\" alt=\"RYT500\" width=\"100\" height=\"100\" \/><\/p>","protected":false},"excerpt":{"rendered":"<p>Im\u00a0Yoga sind wir alle gleich. Egal, ob jemand besonders beweglich oder unbeweglich ist \u2013 wenn wir uns in den ersten Nach-Unten-Schauenden-Hund begeben, fangen wir alle an der gleichen Stelle an und k\u00f6nnen alle etwas Neues entdecken. Ich bin registrierter Yoga Lehrer (E-RYT-200\/RYT-500) und unterrichte Workshops und Kurse. Yoga ist f\u00fcr mich die Lehre, das Leben [&hellip;]<\/p>\n","protected":false},"author":1,"featured_media":0,"parent":0,"menu_order":5,"comment_status":"closed","ping_status":"closed","template":"","meta":{"footnotes":""},"class_list":["post-34","page","type-page","status-publish","hentry"],"aioseo_notices":[],"jetpack_shortlink":"https:\/\/wp.me\/P1jfUI-y","jetpack-related-posts":[{"id":1587,"url":"https:\/\/www.clemensfrede.com\/de\/","url_meta":{"origin":34,"position":0},"title":"&nbsp; Clemens Frede arbeitet als\u2026","author":"Clemens","date":"Monday, der  7. July 2014","format":false,"excerpt":"\u00a0 Clemens Frede arbeitet als freier Berater f\u00fcr\u00a0Marketing und\u00a0Performance Psychologie. Zum einen steuert er Kommunikationsprojekte und Prozesse in Agenturen und Unternehmen. Zum anderen ber\u00e4t er im Rahmen der betrieblichen Gesundheitsf\u00f6rderung Unternehmen aber auch Einzelpersonen zu Performance und Stressmanagement. Clemens unterrichtet ausserdem Yoga. Marketing Beratung: Als festangestellter und sp\u00e4ter freiberuflicher Marketing\u2026","rel":"","context":"\u00c4hnlicher Beitrag","block_context":{"text":"\u00c4hnlicher Beitrag","link":""},"img":{"alt_text":"","src":"https:\/\/i0.wp.com\/www.clemensfrede.com\/wp-content\/uploads\/2020\/12\/clemens-a-frede-1024x1024-1-150x150.jpg?resize=350%2C200&ssl=1","width":350,"height":200},"classes":[]},{"id":4702,"url":"https:\/\/www.clemensfrede.com\/de\/yoga\/own-your-yoga","url_meta":{"origin":34,"position":1},"title":"Own Your Yoga","author":"Clemens","date":"Thursday, der 27. September 2018","format":false,"excerpt":"Der Practice Space ist ein Raum f\u00fcr dich, in deinem du deinen eigenen Yoga Flow \u00fcben kannst, ohne auf Inspiration und Feedback zu verzichten. Du \u00fcbst auf deinem eigenen Level, unter dem wachsamen Auge eines Lehrers, getragen von einem gemeinsamen Thema und der Energie der Gruppe. Yoga zu Hause \u00fcben?\u2026","rel":"","context":"\u00c4hnlicher Beitrag","block_context":{"text":"\u00c4hnlicher Beitrag","link":""},"img":{"alt_text":"","src":"https:\/\/i0.wp.com\/www.clemensfrede.com\/wp-content\/uploads\/2018\/09\/DF4650E8-98B5-4B6D-83EC-AA4DDBACD290.jpg?resize=350%2C200&ssl=1","width":350,"height":200,"srcset":"https:\/\/i0.wp.com\/www.clemensfrede.com\/wp-content\/uploads\/2018\/09\/DF4650E8-98B5-4B6D-83EC-AA4DDBACD290.jpg?resize=350%2C200&ssl=1 1x, https:\/\/i0.wp.com\/www.clemensfrede.com\/wp-content\/uploads\/2018\/09\/DF4650E8-98B5-4B6D-83EC-AA4DDBACD290.jpg?resize=525%2C300&ssl=1 1.5x, https:\/\/i0.wp.com\/www.clemensfrede.com\/wp-content\/uploads\/2018\/09\/DF4650E8-98B5-4B6D-83EC-AA4DDBACD290.jpg?resize=700%2C400&ssl=1 2x, https:\/\/i0.wp.com\/www.clemensfrede.com\/wp-content\/uploads\/2018\/09\/DF4650E8-98B5-4B6D-83EC-AA4DDBACD290.jpg?resize=1050%2C600&ssl=1 3x, https:\/\/i0.wp.com\/www.clemensfrede.com\/wp-content\/uploads\/2018\/09\/DF4650E8-98B5-4B6D-83EC-AA4DDBACD290.jpg?resize=1400%2C800&ssl=1 4x"},"classes":[]},{"id":36,"url":"https:\/\/www.clemensfrede.com\/de\/yoga\/workshops","url_meta":{"origin":34,"position":2},"title":"Workshops &#038; Kurse","author":"Clemens","date":"Saturday, der 30. October 2010","format":false,"excerpt":"Einige meiner Workshops werden bei der Yoga Alliance als Fortbildung anerkannt. Yoga in Bad Gastein Ich unterrichte regelm\u00e4\u00dfig Yoga im Hotel Miramonte\u00a0und im Haus Hirt in Bad Gastein. T\u00e4glich zwei Klassen f\u00fcr alle Level. Morgens als entspannter Start in den Tag, Abends, um zur Ruhe zu kommen. Tags\u00fcber kann man\u2026","rel":"","context":"\u00c4hnlicher Beitrag","block_context":{"text":"\u00c4hnlicher Beitrag","link":""},"img":{"alt_text":"","src":"https:\/\/i0.wp.com\/www.clemensfrede.com\/wp-content\/uploads\/2016\/07\/YACEP-1-150x150.png?resize=350%2C200&ssl=1","width":350,"height":200},"classes":[]},{"id":4042,"url":"https:\/\/www.clemensfrede.com\/de\/psychology\/stresspravention-leistungsmanagement","url_meta":{"origin":34,"position":3},"title":"Stressmanagement","author":"Clemens","date":"Tuesday, der  7. February 2017","format":false,"excerpt":"Das Seminar Stressbew\u00e4ltigung & Leistungsmanagement ist eine Ma\u00dfnahme im Rahmen des Betrieblichen Gesundheitsmanagements (BGM) und entspricht dem Deutschen Standard f\u00fcr Pr\u00e4vention. Ziel des Seminars ist es einerseits den negativen Einfluss von Stress im Arbeitsalltag zu reduzieren. Andererseits soll das Selbstbewusstsein und damit die Leistungsf\u00e4higkeit der Mitarbeiter gest\u00e4rkt werden. Die Teilnehmer\u2026","rel":"","context":"\u00c4hnlicher Beitrag","block_context":{"text":"\u00c4hnlicher Beitrag","link":""},"img":{"alt_text":"","src":"https:\/\/i0.wp.com\/www.clemensfrede.com\/wp-content\/uploads\/2016\/12\/zpp.png?resize=350%2C200&ssl=1","width":350,"height":200},"classes":[]},{"id":1516,"url":"https:\/\/www.clemensfrede.com\/de\/psychology","url_meta":{"origin":34,"position":4},"title":"Performance Psychology","author":"Clemens","date":"Monday, der  7. July 2014","format":false,"excerpt":"Performance Psychology\u00a0\u2013\u00a0oder Leistungspsychologie \u2013 hilft dabei, pers\u00f6nliche Priorit\u00e4ten\u00a0zu identifizieren, motiviert\u00a0zu verfolgen und zu erreichen. Sie l\u00e4sst einen mit R\u00fcckschl\u00e4gen besser umgehen und st\u00e4rkt die mentale Belastbarkeit. Wenn wir an Leistung denken, denken wir oft wir m\u00fcssen\u00a0mehr\u00a0tun. Das\u00a0kann \u00fcberw\u00e4ltigend sein, wenn man bereits gestresst ist. Statt dessen geht es darum, mit\u2026","rel":"","context":"\u00c4hnlicher Beitrag","block_context":{"text":"\u00c4hnlicher Beitrag","link":""},"img":{"alt_text":"","src":"","width":0,"height":0},"classes":[]},{"id":4738,"url":"https:\/\/www.clemensfrede.com\/de\/deutsch-progressive-muskelentspannung-pme","url_meta":{"origin":34,"position":5},"title":"Progressive Muskelentspannung &#8211; PME","author":"Clemens","date":"Friday, der 14. December 2018","format":false,"excerpt":"Die Progressive Muskelentspannung (PME) ist eine hervorragende Entspannungstechnik, relativ einfach zu lernen und kann eigentlich auch \u00fcberall angewendet werden. Es geht dabei um die kontrollierte An- und Entspannung der Muskulatur. PME hilft den eigenen K\u00f6rper besser wahrzunehmen und tiefer ins Gef\u00fchl vollst\u00e4ndiger Entspannung zu kommen.\u00a0 Am Anfang \u00fcbt man einzelne\u2026","rel":"","context":"\u00c4hnlicher Beitrag","block_context":{"text":"\u00c4hnlicher Beitrag","link":""},"img":{"alt_text":"","src":"https:\/\/i0.wp.com\/www.clemensfrede.com\/wp-content\/uploads\/2016\/03\/mountains.jpg?resize=350%2C200&ssl=1","width":350,"height":200,"srcset":"https:\/\/i0.wp.com\/www.clemensfrede.com\/wp-content\/uploads\/2016\/03\/mountains.jpg?resize=350%2C200&ssl=1 1x, https:\/\/i0.wp.com\/www.clemensfrede.com\/wp-content\/uploads\/2016\/03\/mountains.jpg?resize=525%2C300&ssl=1 1.5x, https:\/\/i0.wp.com\/www.clemensfrede.com\/wp-content\/uploads\/2016\/03\/mountains.jpg?resize=700%2C400&ssl=1 2x, https:\/\/i0.wp.com\/www.clemensfrede.com\/wp-content\/uploads\/2016\/03\/mountains.jpg?resize=1050%2C600&ssl=1 3x, https:\/\/i0.wp.com\/www.clemensfrede.com\/wp-content\/uploads\/2016\/03\/mountains.jpg?resize=1400%2C800&ssl=1 4x"},"classes":[]}],"jetpack_sharing_enabled":true,"_links":{"self":[{"href":"https:\/\/www.clemensfrede.com\/de\/wp-json\/wp\/v2\/pages\/34","targetHints":{"allow":["GET"]}}],"collection":[{"href":"https:\/\/www.clemensfrede.com\/de\/wp-json\/wp\/v2\/pages"}],"about":[{"href":"https:\/\/www.clemensfrede.com\/de\/wp-json\/wp\/v2\/types\/page"}],"author":[{"embeddable":true,"href":"https:\/\/www.clemensfrede.com\/de\/wp-json\/wp\/v2\/users\/1"}],"replies":[{"embeddable":true,"href":"https:\/\/www.clemensfrede.com\/de\/wp-json\/wp\/v2\/comments?post=34"}],"version-history":[{"count":5,"href":"https:\/\/www.clemensfrede.com\/de\/wp-json\/wp\/v2\/pages\/34\/revisions"}],"predecessor-version":[{"id":4988,"href":"https:\/\/www.clemensfrede.com\/de\/wp-json\/wp\/v2\/pages\/34\/revisions\/4988"}],"wp:attachment":[{"href":"https:\/\/www.clemensfrede.com\/de\/wp-json\/wp\/v2\/media?parent=34"}],"curies":[{"name":"wp","href":"https:\/\/api.w.org\/{rel}","templated":true}]}}